{"id":206,"date":"2025-04-04T17:47:56","date_gmt":"2025-04-04T15:47:56","guid":{"rendered":"https:\/\/www.aikiheillecourt.fr\/?page_id=206"},"modified":"2026-04-24T20:08:31","modified_gmt":"2026-04-24T18:08:31","slug":"actualites","status":"publish","type":"page","link":"https:\/\/www.aikiheillecourt.fr\/index.php\/actualites\/","title":{"rendered":"Actualites"},"content":{"rendered":"<!DOCTYPE html>\n<html lang=\"fr\">\n\n<head>\n<meta charset=\"utf-8\">\n<title>Calendrier<\/title>\n<\/head>\n \n<header>\n    <p class=\"logo_retour\">\n        <a href=\"https:\/\/www.aikiheillecourt.fr\/\">\n            <img decoding=\"async\" src=\"https:\/\/www.aikiheillecourt.fr\/wp-content\/uploads\/2025\/03\/cropped-logo-officiel-64x64-1-1.png\" alt=\"Acc\u00e9der au site\">\n                                             <br>Retour \u00e0 l&rsquo;accueil  \u21d1\n        <\/a>\n    <\/p>\n\n\n<\/header>\n\n\n\n   <p>Sylvie f\u00eate ses 60 ans\n        <img decoding=\"async\" src=\"https:\/\/www.aikiheillecourt.fr\/wp-content\/uploads\/2026\/04\/Sylvie-scaled.png\" alt=\"actualite\">\n    <\/p>\n    <p><small><em>Herv\u00e9 du 24 avril 2026<\/em><\/small><\/p>\n\n\n\n\n   <p>InterClub a Bayon\n        <img decoding=\"async\" src=\"https:\/\/www.aikiheillecourt.fr\/wp-content\/uploads\/2026\/04\/20260330-Bayon.png\" alt=\"actualite\">\n    <\/p>\n    <p><small><em>Herv\u00e9 du 1 avril 2026<\/em><\/small><\/p>\n\n=\n\n   <p>Une quinzaine , ce matin\n        <img decoding=\"async\" src=\"https:\/\/www.aikiheillecourt.fr\/wp-content\/uploads\/2026\/03\/Paques.jpg\" alt=\"actualite\">\n    <\/p>\n    <p><small><em>Herv\u00e9 du 28 mars 2026<\/em><\/small><\/p>\n\n    <p>Merci \u00e0 Philippe pour son animation\n        <img decoding=\"async\" src=\"https:\/\/www.aikiheillecourt.fr\/wp-content\/uploads\/2026\/03\/20260314-Heillecourt.png\" alt=\"actualite\">\n    <\/p>\n    <p><small><em>Herv\u00e9 du 16 mars 2026<\/em><\/small><\/p>\n\n\n\n   <p>Balade raquettes, d\u00e9sormais traditionnelle, merci \u00e0 Sylvie<\/em>\n        <img decoding=\"async\" src=\"https:\/\/www.aikiheillecourt.fr\/wp-content\/uploads\/2026\/02\/20260201-scaled.jpeg\" alt=\"actualite\">\n    <\/p>\n    <p><small><em>Herv\u00e9 du 5 f\u00e9vrier 2026<\/em><\/small><\/p>\n\n\n    <p>Pas de tr\u00eave des confiseurs, le dojo reste ouvert pendant les f\u00eates<\/em>\n        <img decoding=\"async\" src=\"https:\/\/www.aikiheillecourt.fr\/wp-content\/uploads\/2025\/12\/20251222-Heillecourt.jpg\" alt=\"actualite\">\n    <\/p>\n    <p><small><em>Herv\u00e9 du 24 D\u00e9cembre 2025<\/em><\/small><\/p>\n\n\n\n    <p>Reprise de Marcelin, l&rsquo;a\u00efkiclub accepte les <em>civils<\/em>\n        <img decoding=\"async\" src=\"https:\/\/www.aikiheillecourt.fr\/wp-content\/uploads\/2025\/11\/20251129-Marcelin.png\" alt=\"actualite\">\n    <\/p>\n    <p><small><em>Herv\u00e9 du 30 Novembre 2025<\/em><\/small><\/p>\n\n\n    <p>Merci \u00e0 Didier et \u00e0 Philippe pour cette visite \u00e0 Heillecourt\n        <img decoding=\"async\" src=\"https:\/\/www.aikiheillecourt.fr\/wp-content\/uploads\/2025\/10\/DG.jpg\" alt=\"actualite\">\n    <\/p>\n    <p><small><em>Herv\u00e9 du 3 Octobre 2025<\/em><\/small><\/p>\n\n    <p>Une soir\u00e9e d&rsquo;\u00e9t\u00e9 toute ordinaire\n        <img decoding=\"async\" src=\"https:\/\/www.aikiheillecourt.fr\/wp-content\/uploads\/2025\/07\/20250718-Heillecourt.png\" alt=\"actualite\">\n    <\/p>\n    <p><small><em>Herv\u00e9 du 18 juillet 2025<\/em><\/small><\/p>\n\n    <p>Belle fr\u00e9quentation, une vingtaine de participants \u00e0 cet interclub anim\u00e9 par Marcelin et Gregory\n        <img decoding=\"async\" src=\"https:\/\/www.aikiheillecourt.fr\/wp-content\/uploads\/2025\/07\/P13A4759.jpg\" alt=\"actualite\">\n    <\/p>\n    <p><em>Herv\u00e9 du 9 juillet 2025<\/em><\/p>\n\n    <p>Conseil d&rsquo;administration  &#8230;.\n        <img decoding=\"async\" src=\"https:\/\/www.aikiheillecourt.fr\/wp-content\/uploads\/2025\/07\/PXL_20250703_180806805.MP2_-scaled.jpg\" alt=\"actualite\">\n    <\/p>\n    <p> &#8230;suivi de son moment de convivialit\u00e9 &#8230;&#8230;<em>&#8230;&#8230;. Herv\u00e9 du 7 juillet 2025<\/em><\/p>\n\n\n\n\n    <p>Merci \u00e0 Sylvie pour cette d\u00e9sormais traditionnelle randonn\u00e9e d&rsquo;\u00e9t\u00e9 &#8230;.\n        <img decoding=\"async\" src=\"https:\/\/www.aikiheillecourt.fr\/wp-content\/uploads\/2025\/06\/PXL_20250629_082823651-scaled.jpg\" alt=\"actualite\">\n    <\/p>\n    <p> &#8230;m\u00eame si on a eu chaud, <em> Herv\u00e9 du 30 juin 2025<\/em><\/p>\n\n<p class=\"logo_retour_texte_footer\"><a href=\"https:\/\/www.aikiheillecourt.fr\/\">Retour \u00e0 l&rsquo;accueil<\/a><\/p>\n\n        <p>Bravo \u00e0 <strong>J\u00e9r\u00f4me<\/strong>, et \u00e0 <strong>Patrice<\/strong> pour l&rsquo;obtention de leur Brevet F\u00e9d\u00e9ral. Que de profs \u00e0 Heillecourt!\n        <img decoding=\"async\" src=\"https:\/\/www.aikiheillecourt.fr\/wp-content\/uploads\/2025\/05\/Jerome-1-scaled.jpg\" alt=\"actualite\">\n    <\/p>\n    <p>Par <strong>Herv\u00e9<\/strong> <em> 22 juin 2025, d\u00e9sol\u00e9, cest la seule photo que j&rsquo;aie<\/em><\/p>\n<p class=\"logo_retour_texte_footer\"><a href=\"https:\/\/www.aikiheillecourt.fr\/\">Retour \u00e0 l&rsquo;accueil<\/a><\/p>\n\n    <p>Stage Senior , A\u00efkiTa\u00efso et armes sous la haute comp\u00e9tence de Marcelin\n        <img decoding=\"async\" src=\"    https:\/\/www.aikiheillecourt.fr\/wp-content\/uploads\/2025\/04\/Stage-.jpg\" alt=\"actualite\">\n    <\/p>\n    <p>Par <strong>Herv\u00e9<\/strong> <em> 24 avril 2025<\/em><\/p>\n<p class=\"logo_retour_texte_footer\"><a href=\"https:\/\/www.aikiheillecourt.fr\/\">Retour \u00e0 l&rsquo;accueil<\/a><\/p>\n    <p>Encore une excellente matin\u00e9e orient\u00e9e armes (boken, Kata-Waza) , anim\u00e9e magistralement par notre ami Philippe\n        <img decoding=\"async\" src=\"https:\/\/www.aikiheillecourt.fr\/wp-content\/uploads\/2025\/04\/P13A4730.jpg\" alt=\"actualite\">\n    <\/p>\n    <p>Par <strong>Herv\u00e9<\/strong> <em> 14 avril 2025<\/em><\/p>\n<p class=\"logo_retour_texte_footer\"><a href=\"https:\/\/www.aikiheillecourt.fr\/\">Retour \u00e0 l&rsquo;accueil<\/a><\/p>\n\n    <p>C&rsquo;est avec tristesse que nous vous annon\u00e7ons le d\u00e9c\u00e8s de Fran\u00e7ois, samedi dernier.\n        Fondateur de l&rsquo;A\u00efkiclub, il a anim\u00e9 le Dojo de Heillecourt depuis 1981.\n        Nous nous associons \u00e0 la peine de Martine,  tous ses proches, ses amis. \n        <img decoding=\"async\" src=\"https:\/\/www.aikiheillecourt.fr\/wp-content\/uploads\/2025\/04\/Francois-scaled.jpg\" alt=\"actualite\">\n    <\/p>\n    <p>Par <strong>Herv\u00e9<\/strong> <em> 4 avril 2025<\/em><\/p>\n    <p>   <\/p>\n\n\n\n<!-- Pied de page \u00e0 copier coller sur chaque page -->\n<footer><p class=\"logo_retour_footer\"><a href=\"https:\/\/www.aikiheillecourt.fr\/\">\n    <img loading=\"lazy\" decoding=\"async\" src=\"https:\/\/www.aikiheillecourt.fr\/wp-content\/uploads\/2025\/04\/Diplome.png\" alt=\"Dipl\u00f4me\"  width=\"150\" height=\"150\">\n                                     <br>Retour \u00e0 l&rsquo;accueil  \u21d1\n\n    \n<\/a><\/p>\n<\/footer>\n<\/html>\n<!-- \/wp:post-content -->","protected":false},"excerpt":{"rendered":"<p>Calendrier Retour \u00e0 l&rsquo;accueil \u21d1 Sylvie f\u00eate ses 60 ans Herv\u00e9 du 24 avril 2026 InterClub a Bayon Herv\u00e9 du 1 avril 2026 = Une quinzaine , ce matin Herv\u00e9 du 28 mars 2026 Merci \u00e0 Philippe pour son animation Herv\u00e9 du 16 mars 2026 Balade raquettes, d\u00e9sormais traditionnelle, merci \u00e0 Sylvie Herv\u00e9 du 5 [&hellip;]<\/p>\n","protected":false},"author":1,"featured_media":0,"parent":0,"menu_order":0,"comment_status":"closed","ping_status":"closed","template":"","meta":{"hide_page_title":"","footnotes":""},"class_list":["post-206","page","type-page","status-publish","hentry"],"_links":{"self":[{"href":"https:\/\/www.aikiheillecourt.fr\/index.php\/wp-json\/wp\/v2\/pages\/206","targetHints":{"allow":["GET"]}}],"collection":[{"href":"https:\/\/www.aikiheillecourt.fr\/index.php\/wp-json\/wp\/v2\/pages"}],"about":[{"href":"https:\/\/www.aikiheillecourt.fr\/index.php\/wp-json\/wp\/v2\/types\/page"}],"author":[{"embeddable":true,"href":"https:\/\/www.aikiheillecourt.fr\/index.php\/wp-json\/wp\/v2\/users\/1"}],"replies":[{"embeddable":true,"href":"https:\/\/www.aikiheillecourt.fr\/index.php\/wp-json\/wp\/v2\/comments?post=206"}],"version-history":[{"count":79,"href":"https:\/\/www.aikiheillecourt.fr\/index.php\/wp-json\/wp\/v2\/pages\/206\/revisions"}],"predecessor-version":[{"id":2537,"href":"https:\/\/www.aikiheillecourt.fr\/index.php\/wp-json\/wp\/v2\/pages\/206\/revisions\/2537"}],"wp:attachment":[{"href":"https:\/\/www.aikiheillecourt.fr\/index.php\/wp-json\/wp\/v2\/media?parent=206"}],"curies":[{"name":"wp","href":"https:\/\/api.w.org\/{rel}","templated":true}]}}