{"id":54,"date":"2025-03-29T16:49:38","date_gmt":"2025-03-29T15:49:38","guid":{"rendered":"https:\/\/www.aikiheillecourt.fr\/?page_id=54"},"modified":"2025-09-15T14:21:30","modified_gmt":"2025-09-15T12:21:30","slug":"le-bureau","status":"publish","type":"page","link":"https:\/\/www.aikiheillecourt.fr\/index.php\/le-bureau\/","title":{"rendered":"Le Bureau"},"content":{"rendered":"<!DOCTYPE html>\n\n<html lang=\"fr\">\n\n\n\n\n<head>\n   <meta charset=\"utf-8\">\n   <title>BUREAU<\/title>\n<\/head>\n<div class=\"bg\">\n<header>\n<p class=\"logo_retour\"><a href=\"https:\/\/www.aikiheillecourt.fr\/\">\n    <img decoding=\"async\" src=\"https:\/\/www.aikiheillecourt.fr\/wp-content\/uploads\/2025\/03\/cropped-logo-officiel-64x64-1-1.png\" alt=\"Acc\u00e9der au site\">\n        <br>Retour \u00e0 l&rsquo;accueil  \u21d1\n<\/a><\/p>\n\n<\/header>\n\n        \n   <div id=\"bureau\">\n\n   <div class=\"buro 1\">\n<table >\n\n    <tbody style=\"background-color: transparent;line-height:0.6cm ;\">\n            <tr>\n            <td class=\"rvcelluleNonEncadr\u00e9_HG\">Pr\u00e9sident<\/td>\n            <td class=\"rvcelluleNonEncadr\u00e9_HD\" >Bernard <strong>GANNE<\/strong><\/td>\n            <\/tr>\n            <tr>\n            <td class=\"rvcelluleNonEncadr\u00e9_HG\">Vice-pr\u00e9sidente<\/td>\n            <td class=\"rvcelluleNonEncadr\u00e9_HD\" >Martine <strong>ROSIN<\/strong><\/td>\n            <\/tr>\n            <tr>\n            <td class=\"rvcelluleNonEncadr\u00e9_HG\">Secr\u00e9taire<\/td>\n            <td class=\"rvcelluleNonEncadr\u00e9_HD\" >Cyril <strong>LOUIS<\/strong><\/td>\n            <\/tr>\n\n            <tr>\n            <td class=\"rvcelluleNonEncadr\u00e9_HG\">Tr\u00e9sori\u00e8re<\/td>\n            <td class=\"rvcelluleNonEncadr\u00e9_HD\" >Martine <strong>RAHIER<\/strong><\/td>\n            <\/tr>\n            <tr>\n            <td class=\"rvcelluleNonEncadr\u00e9_HG\" >Tr\u00e9sorier adjoint<\/td>\n            <td class=\"rvcelluleNonEncadr\u00e9_HD\" >Thierry <strong>CHENY<\/strong><\/td>\n            <\/tr>\n            <tr>\n            <td class=\"rvcelluleNonEncadr\u00e9_HG\">Responsable <br>Technique<\/td>\n            <td class=\"rvcelluleNonEncadr\u00e9_HD\" >Marcelin <br><strong>ALMARCHA<\/strong><\/td>\n            <\/tr>\n            <tr>\n            <td class=\"rvcelluleNonEncadr\u00e9_HG\">Administrateur <br>de site<\/td>\n            <td class=\"rvcelluleNonEncadr\u00e9_HD\" >Herv\u00e9 <strong>CLERAUX<\/strong><\/td>\n            <\/tr>\n    <\/tbody>\n    <tbody style=\"background-color: transparent;\">\n            <tr >\n            <td  class=\"rvcelluleNonEncadr\u00e9_HG\"  style=\"width: 40%; font-size: small; text-align: center;\">Adresse Postale<\/td>\n            <td class=\"rvcelluleNonEncadr\u00e9_HD\"   style=\"width: 40%; font-size: small; text-align: center;\">15 Placette Senlis<br>Rue de Versailles<br>Heillecourt<\/td>\n            <\/tr>\n            <tr >\n            <td  class=\"rvcelluleDoubleEncadr\u00e9\" colspan=\"2\"\n            style=\"width: 40%; font-size: small; text-align: right;\">www.aikillecourt.fr<br>Aikiclubheillecourt@free.fr<\/td>\n         \n            <\/tr>\n    <\/tbody>\n<\/table>\n    <\/div>\n    <\/div>\n\n  \n<!-- Pied de page \u00e0 copier coller sur chaque page -->\n<footer>\n    <p class=\"logo_retour_footer\">\n        <a href=\"https:\/\/www.aikiheillecourt.fr\/\">\n            <img loading=\"lazy\" decoding=\"async\" src=\"https:\/\/www.aikiheillecourt.fr\/wp-content\/uploads\/2025\/03\/casque.png\" alt=\"Casque\" width=\"90\" height=\"090\">\n    <br>Retour \u00e0 l&rsquo;accueil  \u21d1\n        <\/a>\n    <\/p>\n\n<\/footer>\n<!-- Pied de page \u00e0 copier coller sur chaque page -->\n \n<\/div>\n<\/html>\n","protected":false},"excerpt":{"rendered":"<p>BUREAU Retour \u00e0 l&rsquo;accueil \u21d1 Pr\u00e9sident Bernard GANNE Vice-pr\u00e9sidente Martine ROSIN Secr\u00e9taire Cyril LOUIS Tr\u00e9sori\u00e8re Martine RAHIER Tr\u00e9sorier adjoint Thierry CHENY Responsable Technique Marcelin ALMARCHA Administrateur de site Herv\u00e9 CLERAUX Adresse Postale 15 Placette SenlisRue de VersaillesHeillecourt www.aikillecourt.frAikiclubheillecourt@free.fr Retour \u00e0 l&rsquo;accueil \u21d1<\/p>\n","protected":false},"author":1,"featured_media":0,"parent":0,"menu_order":0,"comment_status":"closed","ping_status":"closed","template":"","meta":{"hide_page_title":"","footnotes":""},"class_list":["post-54","page","type-page","status-publish","hentry"],"_links":{"self":[{"href":"https:\/\/www.aikiheillecourt.fr\/index.php\/wp-json\/wp\/v2\/pages\/54","targetHints":{"allow":["GET"]}}],"collection":[{"href":"https:\/\/www.aikiheillecourt.fr\/index.php\/wp-json\/wp\/v2\/pages"}],"about":[{"href":"https:\/\/www.aikiheillecourt.fr\/index.php\/wp-json\/wp\/v2\/types\/page"}],"author":[{"embeddable":true,"href":"https:\/\/www.aikiheillecourt.fr\/index.php\/wp-json\/wp\/v2\/users\/1"}],"replies":[{"embeddable":true,"href":"https:\/\/www.aikiheillecourt.fr\/index.php\/wp-json\/wp\/v2\/comments?post=54"}],"version-history":[{"count":53,"href":"https:\/\/www.aikiheillecourt.fr\/index.php\/wp-json\/wp\/v2\/pages\/54\/revisions"}],"predecessor-version":[{"id":2417,"href":"https:\/\/www.aikiheillecourt.fr\/index.php\/wp-json\/wp\/v2\/pages\/54\/revisions\/2417"}],"wp:attachment":[{"href":"https:\/\/www.aikiheillecourt.fr\/index.php\/wp-json\/wp\/v2\/media?parent=54"}],"curies":[{"name":"wp","href":"https:\/\/api.w.org\/{rel}","templated":true}]}}